{"id":31,"date":"2022-09-07T14:19:32","date_gmt":"2022-09-07T18:19:32","guid":{"rendered":"https:\/\/reseaudialogue.ca\/?page_id=31"},"modified":"2025-10-17T10:50:36","modified_gmt":"2025-10-17T14:50:36","slug":"fondation-dialogue","status":"publish","type":"page","link":"https:\/\/reseaudialogue.ca\/en\/","title":{"rendered":"Home"},"content":{"rendered":"\t\t<div data-elementor-type=\"wp-page\" data-elementor-id=\"31\" class=\"elementor elementor-31\" data-elementor-post-type=\"page\">\n\t\t\t\t\t\t<section class=\"elementor-section elementor-top-section elementor-element elementor-element-51baa934 elementor-section-full_width elementor-section-content-middle elementor-reverse-mobile elementor-section-height-default elementor-section-height-default\" data-id=\"51baa934\" data-element_type=\"section\" data-e-type=\"section\" data-settings=\"{&quot;background_background&quot;:&quot;gradient&quot;,&quot;shape_divider_bottom&quot;:&quot;waves&quot;,&quot;shape_divider_bottom_negative&quot;:&quot;yes&quot;}\">\n\t\t\t\t\t\t\t<div class=\"elementor-background-overlay\"><\/div>\n\t\t\t\t\t\t<div class=\"elementor-shape elementor-shape-bottom\" aria-hidden=\"true\" data-negative=\"true\">\n\t\t\t<svg xmlns=\"http:\/\/www.w3.org\/2000\/svg\" viewBox=\"0 0 1000 100\" preserveAspectRatio=\"none\">\n\t<path class=\"elementor-shape-fill\" d=\"M790.5,93.1c-59.3-5.3-116.8-18-192.6-50c-29.6-12.7-76.9-31-100.5-35.9c-23.6-4.9-52.6-7.8-75.5-5.3\n\tc-10.2,1.1-22.6,1.4-50.1,7.4c-27.2,6.3-58.2,16.6-79.4,24.7c-41.3,15.9-94.9,21.9-134,22.6C72,58.2,0,25.8,0,25.8V100h1000V65.3\n\tc0,0-51.5,19.4-106.2,25.7C839.5,97,814.1,95.2,790.5,93.1z\"\/>\n<\/svg>\t\t<\/div>\n\t\t\t\t\t<div class=\"elementor-container elementor-column-gap-no\">\n\t\t\t\t\t<div class=\"elementor-column elementor-col-50 elementor-top-column elementor-element elementor-element-1890686b elementor-hidden-tablet elementor-hidden-mobile elementor-hidden-mobile_extra\" data-id=\"1890686b\" data-element_type=\"column\" data-e-type=\"column\" data-settings=\"{&quot;background_background&quot;:&quot;classic&quot;}\">\n\t\t\t<div class=\"elementor-widget-wrap elementor-element-populated\">\n\t\t\t\t\t\t<div class=\"elementor-element elementor-element-13c84310 elementor-hidden-mobile elementor-hidden-mobile_extra elementor-hidden-tablet elementor-invisible elementor-widget elementor-widget-image\" data-id=\"13c84310\" data-element_type=\"widget\" data-e-type=\"widget\" data-settings=\"{&quot;_animation&quot;:&quot;rollIn&quot;,&quot;motion_fx_motion_fx_mouse&quot;:&quot;yes&quot;,&quot;motion_fx_mouseTrack_effect&quot;:&quot;yes&quot;,&quot;motion_fx_tilt_effect&quot;:&quot;yes&quot;,&quot;motion_fx_tilt_speed&quot;:{&quot;unit&quot;:&quot;px&quot;,&quot;size&quot;:3.1,&quot;sizes&quot;:[]},&quot;motion_fx_mouseTrack_speed&quot;:{&quot;unit&quot;:&quot;px&quot;,&quot;size&quot;:1,&quot;sizes&quot;:[]}}\" data-widget_type=\"image.default\">\n\t\t\t\t<div class=\"elementor-widget-container\">\n\t\t\t\t\t\t\t\t\t\t\t\t\t\t\t<img fetchpriority=\"high\" decoding=\"async\" width=\"777\" height=\"714\" src=\"https:\/\/reseaudialogue.ca\/wp-content\/uploads\/La-prestation-des-arts-de-la-scene-Illustration-FINAL-Color-FINAL-1.png\" class=\"elementor-animation-rotate attachment-full size-full wp-image-6870\" alt=\"Illustration par Celia Pang Kin Lan\" srcset=\"https:\/\/reseaudialogue.ca\/wp-content\/uploads\/La-prestation-des-arts-de-la-scene-Illustration-FINAL-Color-FINAL-1.png 777w, https:\/\/reseaudialogue.ca\/wp-content\/uploads\/La-prestation-des-arts-de-la-scene-Illustration-FINAL-Color-FINAL-1-600x551.png 600w, https:\/\/reseaudialogue.ca\/wp-content\/uploads\/La-prestation-des-arts-de-la-scene-Illustration-FINAL-Color-FINAL-1-768x706.png 768w\" sizes=\"(max-width: 777px) 100vw, 777px\" \/>\t\t\t\t\t\t\t\t\t\t\t\t\t\t\t<\/div>\n\t\t\t\t<\/div>\n\t\t\t\t\t<\/div>\n\t\t<\/div>\n\t\t\t\t<div class=\"elementor-column elementor-col-50 elementor-top-column elementor-element elementor-element-45174294\" data-id=\"45174294\" data-element_type=\"column\" data-e-type=\"column\">\n\t\t\t<div class=\"elementor-widget-wrap elementor-element-populated\">\n\t\t\t\t\t\t<section class=\"elementor-section elementor-inner-section elementor-element elementor-element-5123eaa4 elementor-section-full_width elementor-section-height-min-height elementor-section-content-middle elementor-section-height-default\" data-id=\"5123eaa4\" data-element_type=\"section\" data-e-type=\"section\" data-settings=\"{&quot;background_background&quot;:&quot;classic&quot;}\">\n\t\t\t\t\t\t<div class=\"elementor-container elementor-column-gap-no\">\n\t\t\t\t\t<div class=\"elementor-column elementor-col-100 elementor-inner-column elementor-element elementor-element-6aa60280\" data-id=\"6aa60280\" data-element_type=\"column\" data-e-type=\"column\">\n\t\t\t<div class=\"elementor-widget-wrap elementor-element-populated\">\n\t\t\t\t\t\t<div class=\"elementor-element elementor-element-050276f elementor-widget elementor-widget-spacer\" data-id=\"050276f\" data-element_type=\"widget\" data-e-type=\"widget\" data-widget_type=\"spacer.default\">\n\t\t\t\t<div class=\"elementor-widget-container\">\n\t\t\t\t\t\t\t<div class=\"elementor-spacer\">\n\t\t\t<div class=\"elementor-spacer-inner\"><\/div>\n\t\t<\/div>\n\t\t\t\t\t\t<\/div>\n\t\t\t\t<\/div>\n\t\t\t\t<div class=\"elementor-element elementor-element-55c0433 elementor-invisible elementor-widget elementor-widget-image\" data-id=\"55c0433\" data-element_type=\"widget\" data-e-type=\"widget\" data-settings=\"{&quot;_animation&quot;:&quot;fadeInDown&quot;}\" data-widget_type=\"image.default\">\n\t\t\t\t<div class=\"elementor-widget-container\">\n\t\t\t\t\t\t\t\t\t\t\t\t\t\t\t<img decoding=\"async\" width=\"707\" height=\"249\" src=\"https:\/\/reseaudialogue.ca\/wp-content\/uploads\/4dialogue-logo-full-inverse-rgb.png\" class=\"attachment-large size-large wp-image-9216\" alt=\"\" srcset=\"https:\/\/reseaudialogue.ca\/wp-content\/uploads\/4dialogue-logo-full-inverse-rgb.png 707w, https:\/\/reseaudialogue.ca\/wp-content\/uploads\/4dialogue-logo-full-inverse-rgb-600x211.png 600w\" sizes=\"(max-width: 707px) 100vw, 707px\" \/>\t\t\t\t\t\t\t\t\t\t\t\t\t\t\t<\/div>\n\t\t\t\t<\/div>\n\t\t\t\t<div class=\"elementor-element elementor-element-0c6871a animated-slow elementor-invisible elementor-widget elementor-widget-heading\" data-id=\"0c6871a\" data-element_type=\"widget\" data-e-type=\"widget\" data-settings=\"{&quot;_animation&quot;:&quot;fadeInDown&quot;}\" data-widget_type=\"heading.default\">\n\t\t\t\t<div class=\"elementor-widget-container\">\n\t\t\t\t\t<h2 class=\"elementor-heading-title elementor-size-default\">Pour un dialogue entre les diff\u00e9rentes composantes de la soci\u00e9t\u00e9 canadienne <\/h2>\t\t\t\t<\/div>\n\t\t\t\t<\/div>\n\t\t\t\t<div class=\"elementor-element elementor-element-57bb298 elementor-widget elementor-widget-spacer\" data-id=\"57bb298\" data-element_type=\"widget\" data-e-type=\"widget\" data-widget_type=\"spacer.default\">\n\t\t\t\t<div class=\"elementor-widget-container\">\n\t\t\t\t\t\t\t<div class=\"elementor-spacer\">\n\t\t\t<div class=\"elementor-spacer-inner\"><\/div>\n\t\t<\/div>\n\t\t\t\t\t\t<\/div>\n\t\t\t\t<\/div>\n\t\t\t\t\t<\/div>\n\t\t<\/div>\n\t\t\t\t\t<\/div>\n\t\t<\/section>\n\t\t\t\t\t<\/div>\n\t\t<\/div>\n\t\t\t\t\t<\/div>\n\t\t<\/section>\n\t\t<div class=\"elementor-element elementor-element-74d272d e-flex e-con-boxed e-con e-parent\" data-id=\"74d272d\" data-element_type=\"container\" data-e-type=\"container\" data-settings=\"{&quot;background_background&quot;:&quot;classic&quot;}\">\n\t\t\t\t\t<div class=\"e-con-inner\">\n\t\t\t\t<div class=\"elementor-element elementor-element-0264e06 elementor-widget elementor-widget-heading\" data-id=\"0264e06\" data-element_type=\"widget\" data-e-type=\"widget\" data-widget_type=\"heading.default\">\n\t\t\t\t<div class=\"elementor-widget-container\">\n\t\t\t\t\t<h1 class=\"elementor-heading-title elementor-size-default\">Nos projets<\/h1>\t\t\t\t<\/div>\n\t\t\t\t<\/div>\n\t\t\t\t<div class=\"elementor-element elementor-element-05eb9d4 elementor-widget elementor-widget-text-editor\" data-id=\"05eb9d4\" data-element_type=\"widget\" data-e-type=\"widget\" data-widget_type=\"text-editor.default\">\n\t\t\t\t<div class=\"elementor-widget-container\">\n\t\t\t\t\t\t\t\t\t<h2>Le R\u00e9seau dialogue organise plusieurs projets nationaux visant \u00e0 soutenir et promouvoir le dialogue et le rapprochement entre les diff\u00e9rentes composantes de la soci\u00e9t\u00e9 canadienne.<\/h2>\t\t\t\t\t\t\t\t<\/div>\n\t\t\t\t<\/div>\n\t\t\t\t\t<\/div>\n\t\t\t\t<\/div>\n\t\t\t\t<section class=\"elementor-section elementor-top-section elementor-element elementor-element-e75d501 elementor-section-height-min-height elementor-section-items-stretch elementor-section-content-top elementor-reverse-mobile elementor-section-full_width elementor-section-height-default\" data-id=\"e75d501\" data-element_type=\"section\" data-e-type=\"section\" data-settings=\"{&quot;background_background&quot;:&quot;classic&quot;,&quot;shape_divider_bottom&quot;:&quot;waves&quot;,&quot;shape_divider_bottom_negative&quot;:&quot;yes&quot;}\">\n\t\t\t\t\t\t\t<div class=\"elementor-background-overlay\"><\/div>\n\t\t\t\t\t\t<div class=\"elementor-shape elementor-shape-bottom\" aria-hidden=\"true\" data-negative=\"true\">\n\t\t\t<svg xmlns=\"http:\/\/www.w3.org\/2000\/svg\" viewBox=\"0 0 1000 100\" preserveAspectRatio=\"none\">\n\t<path class=\"elementor-shape-fill\" d=\"M790.5,93.1c-59.3-5.3-116.8-18-192.6-50c-29.6-12.7-76.9-31-100.5-35.9c-23.6-4.9-52.6-7.8-75.5-5.3\n\tc-10.2,1.1-22.6,1.4-50.1,7.4c-27.2,6.3-58.2,16.6-79.4,24.7c-41.3,15.9-94.9,21.9-134,22.6C72,58.2,0,25.8,0,25.8V100h1000V65.3\n\tc0,0-51.5,19.4-106.2,25.7C839.5,97,814.1,95.2,790.5,93.1z\"\/>\n<\/svg>\t\t<\/div>\n\t\t\t\t\t<div class=\"elementor-container elementor-column-gap-no\">\n\t\t\t\t\t<div class=\"elementor-column elementor-col-50 elementor-top-column elementor-element elementor-element-c43e13f\" data-id=\"c43e13f\" data-element_type=\"column\" data-e-type=\"column\">\n\t\t\t<div class=\"elementor-widget-wrap elementor-element-populated\">\n\t\t\t\t\t\t<section class=\"elementor-section elementor-inner-section elementor-element elementor-element-263ace2 elementor-section-full_width elementor-section-content-middle elementor-section-height-default elementor-section-height-default\" data-id=\"263ace2\" data-element_type=\"section\" data-e-type=\"section\">\n\t\t\t\t\t\t<div class=\"elementor-container elementor-column-gap-default\">\n\t\t\t\t\t<div class=\"elementor-column elementor-col-33 elementor-inner-column elementor-element elementor-element-bd19d3d\" data-id=\"bd19d3d\" data-element_type=\"column\" data-e-type=\"column\">\n\t\t\t<div class=\"elementor-widget-wrap elementor-element-populated\">\n\t\t\t\t\t\t<div class=\"elementor-element elementor-element-509f2ea animated-slow elementor-invisible elementor-widget elementor-widget-image\" data-id=\"509f2ea\" data-element_type=\"widget\" data-e-type=\"widget\" data-settings=\"{&quot;_animation&quot;:&quot;bounceIn&quot;,&quot;motion_fx_motion_fx_mouse&quot;:&quot;yes&quot;,&quot;motion_fx_tilt_effect&quot;:&quot;yes&quot;,&quot;motion_fx_tilt_speed&quot;:{&quot;unit&quot;:&quot;px&quot;,&quot;size&quot;:3,&quot;sizes&quot;:[]}}\" data-widget_type=\"image.default\">\n\t\t\t\t<div class=\"elementor-widget-container\">\n\t\t\t\t\t\t\t\t\t\t\t\t\t\t\t\t<a href=\"https:\/\/reseaudialogue.ca\/les-rendez-vous-de-la-francophonie\/\">\n\t\t\t\t\t\t\t<img decoding=\"async\" width=\"800\" height=\"821\" src=\"https:\/\/reseaudialogue.ca\/wp-content\/uploads\/Untitled_Artwork-3-1170x1200.png\" class=\"attachment-large size-large wp-image-5097\" alt=\"RVF\" srcset=\"https:\/\/reseaudialogue.ca\/wp-content\/uploads\/Untitled_Artwork-3-1170x1200.png 1170w, https:\/\/reseaudialogue.ca\/wp-content\/uploads\/Untitled_Artwork-3-585x600.png 585w, https:\/\/reseaudialogue.ca\/wp-content\/uploads\/Untitled_Artwork-3-768x788.png 768w, https:\/\/reseaudialogue.ca\/wp-content\/uploads\/Untitled_Artwork-3-1497x1536.png 1497w, https:\/\/reseaudialogue.ca\/wp-content\/uploads\/Untitled_Artwork-3-1996x2048.png 1996w, https:\/\/reseaudialogue.ca\/wp-content\/uploads\/Untitled_Artwork-3-1x1.png 1w\" sizes=\"(max-width: 800px) 100vw, 800px\" \/>\t\t\t\t\t\t\t\t<\/a>\n\t\t\t\t\t\t\t\t\t\t\t\t\t\t\t<\/div>\n\t\t\t\t<\/div>\n\t\t\t\t<div class=\"elementor-element elementor-element-6f48819 elementor-widget elementor-widget-spacer\" data-id=\"6f48819\" data-element_type=\"widget\" data-e-type=\"widget\" data-widget_type=\"spacer.default\">\n\t\t\t\t<div class=\"elementor-widget-container\">\n\t\t\t\t\t\t\t<div class=\"elementor-spacer\">\n\t\t\t<div class=\"elementor-spacer-inner\"><\/div>\n\t\t<\/div>\n\t\t\t\t\t\t<\/div>\n\t\t\t\t<\/div>\n\t\t\t\t<div class=\"elementor-element elementor-element-1121455 elementor-hidden-mobile_extra elementor-hidden-mobile elementor-widget elementor-widget-text-editor\" data-id=\"1121455\" data-element_type=\"widget\" data-e-type=\"widget\" data-widget_type=\"text-editor.default\">\n\t\t\t\t<div class=\"elementor-widget-container\">\n\t\t\t\t\t\t\t\t\t<p style=\"text-align: center;\">Les Rendez-vous de la Francophonie<strong>\u00a0(RVF)<\/strong>\u00a0est un \u00e9v\u00e9nement culturel entourant la Journ\u00e9e internationale de la Francophonie.<\/p>\t\t\t\t\t\t\t\t<\/div>\n\t\t\t\t<\/div>\n\t\t\t\t<div class=\"elementor-element elementor-element-e2366bf elementor-widget elementor-widget-spacer\" data-id=\"e2366bf\" data-element_type=\"widget\" data-e-type=\"widget\" data-widget_type=\"spacer.default\">\n\t\t\t\t<div class=\"elementor-widget-container\">\n\t\t\t\t\t\t\t<div class=\"elementor-spacer\">\n\t\t\t<div class=\"elementor-spacer-inner\"><\/div>\n\t\t<\/div>\n\t\t\t\t\t\t<\/div>\n\t\t\t\t<\/div>\n\t\t\t\t<div class=\"elementor-element elementor-element-705a616 elementor-align-center elementor-widget elementor-widget-button\" data-id=\"705a616\" data-element_type=\"widget\" data-e-type=\"widget\" data-widget_type=\"button.default\">\n\t\t\t\t<div class=\"elementor-widget-container\">\n\t\t\t\t\t\t\t\t\t<div class=\"elementor-button-wrapper\">\n\t\t\t\t\t<a class=\"elementor-button elementor-button-link elementor-size-sm elementor-animation-pulse\" href=\"https:\/\/reseaudialogue.ca\/les-rendez-vous-de-la-francophonie\/\">\n\t\t\t\t\t\t<span class=\"elementor-button-content-wrapper\">\n\t\t\t\t\t\t\t\t\t<span class=\"elementor-button-text\">En savoir plus<\/span>\n\t\t\t\t\t<\/span>\n\t\t\t\t\t<\/a>\n\t\t\t\t<\/div>\n\t\t\t\t\t\t\t\t<\/div>\n\t\t\t\t<\/div>\n\t\t\t\t<div class=\"elementor-element elementor-element-b388f8e elementor-align-center elementor-widget elementor-widget-button\" data-id=\"b388f8e\" data-element_type=\"widget\" data-e-type=\"widget\" data-widget_type=\"button.default\">\n\t\t\t\t<div class=\"elementor-widget-container\">\n\t\t\t\t\t\t\t\t\t<div class=\"elementor-button-wrapper\">\n\t\t\t\t\t<a class=\"elementor-button elementor-button-link elementor-size-sm elementor-animation-pulse\" href=\"https:\/\/reseaudialogue.ca\/micro-subventions-rvf\">\n\t\t\t\t\t\t<span class=\"elementor-button-content-wrapper\">\n\t\t\t\t\t\t\t\t\t<span class=\"elementor-button-text\">Micro-subventions<\/span>\n\t\t\t\t\t<\/span>\n\t\t\t\t\t<\/a>\n\t\t\t\t<\/div>\n\t\t\t\t\t\t\t\t<\/div>\n\t\t\t\t<\/div>\n\t\t\t\t\t<\/div>\n\t\t<\/div>\n\t\t\t\t<div class=\"elementor-column elementor-col-33 elementor-inner-column elementor-element elementor-element-f3206af\" data-id=\"f3206af\" data-element_type=\"column\" data-e-type=\"column\">\n\t\t\t<div class=\"elementor-widget-wrap elementor-element-populated\">\n\t\t\t\t\t\t<div class=\"elementor-element elementor-element-acd2414 animated-slow elementor-invisible elementor-widget elementor-widget-image\" data-id=\"acd2414\" data-element_type=\"widget\" data-e-type=\"widget\" data-settings=\"{&quot;_animation&quot;:&quot;bounceIn&quot;,&quot;motion_fx_motion_fx_mouse&quot;:&quot;yes&quot;,&quot;motion_fx_tilt_effect&quot;:&quot;yes&quot;,&quot;motion_fx_tilt_speed&quot;:{&quot;unit&quot;:&quot;px&quot;,&quot;size&quot;:3,&quot;sizes&quot;:[]}}\" data-widget_type=\"image.default\">\n\t\t\t\t<div class=\"elementor-widget-container\">\n\t\t\t\t\t\t\t\t\t\t\t\t\t\t\t\t<a href=\"https:\/\/reseaudialogue.ca\/programmevif\">\n\t\t\t\t\t\t\t<img loading=\"lazy\" decoding=\"async\" width=\"800\" height=\"607\" src=\"https:\/\/reseaudialogue.ca\/wp-content\/uploads\/2Carre_Colore_inverse.png\" class=\"attachment-large size-large wp-image-10557\" alt=\"\" srcset=\"https:\/\/reseaudialogue.ca\/wp-content\/uploads\/2Carre_Colore_inverse.png 1081w, https:\/\/reseaudialogue.ca\/wp-content\/uploads\/2Carre_Colore_inverse-600x455.png 600w, https:\/\/reseaudialogue.ca\/wp-content\/uploads\/2Carre_Colore_inverse-768x583.png 768w\" sizes=\"(max-width: 800px) 100vw, 800px\" \/>\t\t\t\t\t\t\t\t<\/a>\n\t\t\t\t\t\t\t\t\t\t\t\t\t\t\t<\/div>\n\t\t\t\t<\/div>\n\t\t\t\t<div class=\"elementor-element elementor-element-1798904 elementor-widget elementor-widget-spacer\" data-id=\"1798904\" data-element_type=\"widget\" data-e-type=\"widget\" data-widget_type=\"spacer.default\">\n\t\t\t\t<div class=\"elementor-widget-container\">\n\t\t\t\t\t\t\t<div class=\"elementor-spacer\">\n\t\t\t<div class=\"elementor-spacer-inner\"><\/div>\n\t\t<\/div>\n\t\t\t\t\t\t<\/div>\n\t\t\t\t<\/div>\n\t\t\t\t<div class=\"elementor-element elementor-element-f8e7767 elementor-hidden-mobile_extra elementor-hidden-mobile elementor-widget elementor-widget-text-editor\" data-id=\"f8e7767\" data-element_type=\"widget\" data-e-type=\"widget\" data-widget_type=\"text-editor.default\">\n\t\t\t\t<div class=\"elementor-widget-container\">\n\t\t\t\t\t\t\t\t\t<p style=\"text-align: center;\"><strong>Le Programme de valorisation d\u2019initiatives francophones (VIF) <\/strong>vise \u00e0 offrir aux jeunes \u00e2g\u00e9\u00b7e\u00b7s de 14 \u00e0 30 ans des occasions uniques pour se rassembler, \u00e9changer, s\u2019encourager et s\u2019engager en fran\u00e7ais.<\/p>\t\t\t\t\t\t\t\t<\/div>\n\t\t\t\t<\/div>\n\t\t\t\t<div class=\"elementor-element elementor-element-ae2665f elementor-align-center elementor-widget elementor-widget-button\" data-id=\"ae2665f\" data-element_type=\"widget\" data-e-type=\"widget\" data-widget_type=\"button.default\">\n\t\t\t\t<div class=\"elementor-widget-container\">\n\t\t\t\t\t\t\t\t\t<div class=\"elementor-button-wrapper\">\n\t\t\t\t\t<a class=\"elementor-button elementor-button-link elementor-size-sm elementor-animation-pulse\" href=\"https:\/\/reseaudialogue.ca\/programmevif\">\n\t\t\t\t\t\t<span class=\"elementor-button-content-wrapper\">\n\t\t\t\t\t\t\t\t\t<span class=\"elementor-button-text\">En savoir plus<\/span>\n\t\t\t\t\t<\/span>\n\t\t\t\t\t<\/a>\n\t\t\t\t<\/div>\n\t\t\t\t\t\t\t\t<\/div>\n\t\t\t\t<\/div>\n\t\t\t\t\t<\/div>\n\t\t<\/div>\n\t\t\t\t<div class=\"elementor-column elementor-col-33 elementor-inner-column elementor-element elementor-element-02a3fc5\" data-id=\"02a3fc5\" data-element_type=\"column\" data-e-type=\"column\">\n\t\t\t<div class=\"elementor-widget-wrap elementor-element-populated\">\n\t\t\t\t\t\t<div class=\"elementor-element elementor-element-4636f4a animated-slow elementor-invisible elementor-widget elementor-widget-image\" data-id=\"4636f4a\" data-element_type=\"widget\" data-e-type=\"widget\" data-settings=\"{&quot;_animation&quot;:&quot;bounceIn&quot;,&quot;motion_fx_motion_fx_mouse&quot;:&quot;yes&quot;,&quot;motion_fx_tilt_effect&quot;:&quot;yes&quot;,&quot;motion_fx_tilt_speed&quot;:{&quot;unit&quot;:&quot;px&quot;,&quot;size&quot;:3,&quot;sizes&quot;:[]}}\" data-widget_type=\"image.default\">\n\t\t\t\t<div class=\"elementor-widget-container\">\n\t\t\t\t\t\t\t\t\t\t\t\t\t\t\t\t<a href=\"https:\/\/reseaudialogue.ca\/reseau-de-la-dualite-linguistique\/\">\n\t\t\t\t\t\t\t<img loading=\"lazy\" decoding=\"async\" width=\"800\" height=\"499\" src=\"https:\/\/reseaudialogue.ca\/wp-content\/uploads\/Untitled_Artwork-4-1200x749.png\" class=\"attachment-large size-large wp-image-5099\" alt=\"rdl\" srcset=\"https:\/\/reseaudialogue.ca\/wp-content\/uploads\/Untitled_Artwork-4-1200x749.png 1200w, https:\/\/reseaudialogue.ca\/wp-content\/uploads\/Untitled_Artwork-4-600x374.png 600w, https:\/\/reseaudialogue.ca\/wp-content\/uploads\/Untitled_Artwork-4-768x479.png 768w, https:\/\/reseaudialogue.ca\/wp-content\/uploads\/Untitled_Artwork-4-1536x958.png 1536w, https:\/\/reseaudialogue.ca\/wp-content\/uploads\/Untitled_Artwork-4-2048x1278.png 2048w, https:\/\/reseaudialogue.ca\/wp-content\/uploads\/Untitled_Artwork-4-1x1.png 1w\" sizes=\"(max-width: 800px) 100vw, 800px\" \/>\t\t\t\t\t\t\t\t<\/a>\n\t\t\t\t\t\t\t\t\t\t\t\t\t\t\t<\/div>\n\t\t\t\t<\/div>\n\t\t\t\t<div class=\"elementor-element elementor-element-5779d41 elementor-widget elementor-widget-spacer\" data-id=\"5779d41\" data-element_type=\"widget\" data-e-type=\"widget\" data-widget_type=\"spacer.default\">\n\t\t\t\t<div class=\"elementor-widget-container\">\n\t\t\t\t\t\t\t<div class=\"elementor-spacer\">\n\t\t\t<div class=\"elementor-spacer-inner\"><\/div>\n\t\t<\/div>\n\t\t\t\t\t\t<\/div>\n\t\t\t\t<\/div>\n\t\t\t\t<div class=\"elementor-element elementor-element-17e2de1 elementor-hidden-mobile_extra elementor-hidden-mobile elementor-widget elementor-widget-text-editor\" data-id=\"17e2de1\" data-element_type=\"widget\" data-e-type=\"widget\" data-widget_type=\"text-editor.default\">\n\t\t\t\t<div class=\"elementor-widget-container\">\n\t\t\t\t\t\t\t\t\t<p style=\"text-align: center;\">Le RDL rassemble des organismes dont la dualit\u00e9 linguistique est au coeur des valeurs organisationnelles.<\/p>\t\t\t\t\t\t\t\t<\/div>\n\t\t\t\t<\/div>\n\t\t\t\t<div class=\"elementor-element elementor-element-82d3593 elementor-widget elementor-widget-spacer\" data-id=\"82d3593\" data-element_type=\"widget\" data-e-type=\"widget\" data-widget_type=\"spacer.default\">\n\t\t\t\t<div class=\"elementor-widget-container\">\n\t\t\t\t\t\t\t<div class=\"elementor-spacer\">\n\t\t\t<div class=\"elementor-spacer-inner\"><\/div>\n\t\t<\/div>\n\t\t\t\t\t\t<\/div>\n\t\t\t\t<\/div>\n\t\t\t\t<div class=\"elementor-element elementor-element-2c68951 elementor-align-center elementor-widget elementor-widget-button\" data-id=\"2c68951\" data-element_type=\"widget\" data-e-type=\"widget\" data-widget_type=\"button.default\">\n\t\t\t\t<div class=\"elementor-widget-container\">\n\t\t\t\t\t\t\t\t\t<div class=\"elementor-button-wrapper\">\n\t\t\t\t\t<a class=\"elementor-button elementor-button-link elementor-size-sm elementor-animation-pulse\" href=\"https:\/\/reseaudialogue.ca\/reseau-de-la-dualite-linguistique\/\">\n\t\t\t\t\t\t<span class=\"elementor-button-content-wrapper\">\n\t\t\t\t\t\t\t\t\t<span class=\"elementor-button-text\">En savoir plus<\/span>\n\t\t\t\t\t<\/span>\n\t\t\t\t\t<\/a>\n\t\t\t\t<\/div>\n\t\t\t\t\t\t\t\t<\/div>\n\t\t\t\t<\/div>\n\t\t\t\t\t<\/div>\n\t\t<\/div>\n\t\t\t\t\t<\/div>\n\t\t<\/section>\n\t\t\t\t<div class=\"elementor-element elementor-element-e62c2ee elementor-widget elementor-widget-spacer\" data-id=\"e62c2ee\" data-element_type=\"widget\" data-e-type=\"widget\" data-widget_type=\"spacer.default\">\n\t\t\t\t<div class=\"elementor-widget-container\">\n\t\t\t\t\t\t\t<div class=\"elementor-spacer\">\n\t\t\t<div class=\"elementor-spacer-inner\"><\/div>\n\t\t<\/div>\n\t\t\t\t\t\t<\/div>\n\t\t\t\t<\/div>\n\t\t\t\t<div class=\"elementor-element elementor-element-71e95ab elementor-widget elementor-widget-spacer\" data-id=\"71e95ab\" data-element_type=\"widget\" data-e-type=\"widget\" data-widget_type=\"spacer.default\">\n\t\t\t\t<div class=\"elementor-widget-container\">\n\t\t\t\t\t\t\t<div class=\"elementor-spacer\">\n\t\t\t<div class=\"elementor-spacer-inner\"><\/div>\n\t\t<\/div>\n\t\t\t\t\t\t<\/div>\n\t\t\t\t<\/div>\n\t\t\t\t<div class=\"elementor-element elementor-element-76e6c0b elementor-widget elementor-widget-spacer\" data-id=\"76e6c0b\" data-element_type=\"widget\" data-e-type=\"widget\" data-widget_type=\"spacer.default\">\n\t\t\t\t<div class=\"elementor-widget-container\">\n\t\t\t\t\t\t\t<div class=\"elementor-spacer\">\n\t\t\t<div class=\"elementor-spacer-inner\"><\/div>\n\t\t<\/div>\n\t\t\t\t\t\t<\/div>\n\t\t\t\t<\/div>\n\t\t\t\t\t<\/div>\n\t\t<\/div>\n\t\t\t\t<div class=\"elementor-column elementor-col-50 elementor-top-column elementor-element elementor-element-fff39bf elementor-hidden-tablet elementor-hidden-mobile_extra elementor-hidden-mobile\" data-id=\"fff39bf\" data-element_type=\"column\" data-e-type=\"column\">\n\t\t\t<div class=\"elementor-widget-wrap elementor-element-populated\">\n\t\t\t\t\t\t<div class=\"elementor-element elementor-element-4c67a9b animated-slow elementor-hidden-tablet elementor-hidden-mobile_extra elementor-hidden-mobile elementor-view-default elementor-invisible elementor-widget elementor-widget-icon\" data-id=\"4c67a9b\" data-element_type=\"widget\" data-e-type=\"widget\" data-settings=\"{&quot;_animation&quot;:&quot;slideInLeft&quot;}\" data-widget_type=\"icon.default\">\n\t\t\t\t<div class=\"elementor-widget-container\">\n\t\t\t\t\t\t\t<div class=\"elementor-icon-wrapper\">\n\t\t\t<a class=\"elementor-icon elementor-animation-pulse\" href=\"https:\/\/reseaudialogue.ca\/projets\/\">\n\t\t\t<i aria-hidden=\"true\" class=\"fas fa-chevron-right\"><\/i>\t\t\t<\/a>\n\t\t<\/div>\n\t\t\t\t\t\t<\/div>\n\t\t\t\t<\/div>\n\t\t\t\t\t<\/div>\n\t\t<\/div>\n\t\t\t\t\t<\/div>\n\t\t<\/section>\n\t\t\t\t<section class=\"elementor-section elementor-top-section elementor-element elementor-element-8f32994 elementor-section-full_width elementor-section-stretched elementor-section-height-default elementor-section-height-default\" data-id=\"8f32994\" data-element_type=\"section\" data-e-type=\"section\" data-settings=\"{&quot;stretch_section&quot;:&quot;section-stretched&quot;,&quot;background_background&quot;:&quot;classic&quot;}\">\n\t\t\t\t\t\t<div class=\"elementor-container elementor-column-gap-default\">\n\t\t\t\t\t<div class=\"elementor-column elementor-col-100 elementor-top-column elementor-element elementor-element-d1fb04c\" data-id=\"d1fb04c\" data-element_type=\"column\" data-e-type=\"column\">\n\t\t\t<div class=\"elementor-widget-wrap elementor-element-populated\">\n\t\t\t\t\t\t<div class=\"elementor-element elementor-element-ec46958 animated-slow elementor-invisible elementor-widget elementor-widget-heading\" data-id=\"ec46958\" data-element_type=\"widget\" data-e-type=\"widget\" data-settings=\"{&quot;_animation&quot;:&quot;fadeInDown&quot;}\" data-widget_type=\"heading.default\">\n\t\t\t\t<div class=\"elementor-widget-container\">\n\t\t\t\t\t<h2 class=\"elementor-heading-title elementor-size-default\">Nouvelles du R\u00e9seau<\/h2>\t\t\t\t<\/div>\n\t\t\t\t<\/div>\n\t\t\t\t<div class=\"elementor-element elementor-element-0bd1e40 elementor-invisible elementor-widget elementor-widget-text-editor\" data-id=\"0bd1e40\" data-element_type=\"widget\" data-e-type=\"widget\" data-settings=\"{&quot;_animation&quot;:&quot;fadeInDown&quot;}\" data-widget_type=\"text-editor.default\">\n\t\t\t\t<div class=\"elementor-widget-container\">\n\t\t\t\t\t\t\t\t\t<div class=\"elementor-element elementor-element-0cd4bda elementor-widget elementor-widget-text-editor\" data-id=\"0cd4bda\" data-element_type=\"widget\" data-widget_type=\"text-editor.default\">\n<div class=\"elementor-widget-container\">\n<p class=\"wow fadeInUp\">\u00a0 \u00a0 \u00a0 \u00a0 \u00a0 \u00a0 \u00a0 \u00a0 \u00a0 \u00a0 Ne manquez rien de l\u2019actualit\u00e9 du R\u00e9seau dialogue !<\/p>\n<\/div>\n<\/div>\t\t\t\t\t\t\t\t<\/div>\n\t\t\t\t<\/div>\n\t\t\t\t<div class=\"elementor-element elementor-element-9bf5be7 elementor-grid-mobile_extra-1 elementor-grid-3 elementor-grid-tablet-2 elementor-grid-mobile-1 elementor-posts--thumbnail-top elementor-card-shadow-yes elementor-posts__hover-gradient elementor-invisible elementor-widget elementor-widget-posts\" data-id=\"9bf5be7\" data-element_type=\"widget\" data-e-type=\"widget\" data-settings=\"{&quot;cards_columns_mobile_extra&quot;:&quot;1&quot;,&quot;_animation&quot;:&quot;fadeInLeft&quot;,&quot;cards_columns&quot;:&quot;3&quot;,&quot;cards_columns_tablet&quot;:&quot;2&quot;,&quot;cards_columns_mobile&quot;:&quot;1&quot;,&quot;cards_row_gap&quot;:{&quot;unit&quot;:&quot;px&quot;,&quot;size&quot;:35,&quot;sizes&quot;:[]},&quot;cards_row_gap_widescreen&quot;:{&quot;unit&quot;:&quot;px&quot;,&quot;size&quot;:&quot;&quot;,&quot;sizes&quot;:[]},&quot;cards_row_gap_laptop&quot;:{&quot;unit&quot;:&quot;px&quot;,&quot;size&quot;:&quot;&quot;,&quot;sizes&quot;:[]},&quot;cards_row_gap_tablet_extra&quot;:{&quot;unit&quot;:&quot;px&quot;,&quot;size&quot;:&quot;&quot;,&quot;sizes&quot;:[]},&quot;cards_row_gap_tablet&quot;:{&quot;unit&quot;:&quot;px&quot;,&quot;size&quot;:&quot;&quot;,&quot;sizes&quot;:[]},&quot;cards_row_gap_mobile_extra&quot;:{&quot;unit&quot;:&quot;px&quot;,&quot;size&quot;:&quot;&quot;,&quot;sizes&quot;:[]},&quot;cards_row_gap_mobile&quot;:{&quot;unit&quot;:&quot;px&quot;,&quot;size&quot;:&quot;&quot;,&quot;sizes&quot;:[]}}\" data-widget_type=\"posts.cards\">\n\t\t\t\t<div class=\"elementor-widget-container\">\n\t\t\t\t\t\t\t<div class=\"elementor-posts-container elementor-posts elementor-posts--skin-cards elementor-grid\" role=\"list\">\n\t\t\t\t<article class=\"elementor-post elementor-grid-item post-10866 post type-post status-publish format-standard has-post-thumbnail hentry category-communique\" role=\"listitem\">\n\t\t\t<div class=\"elementor-post__card\">\n\t\t\t\t<a class=\"elementor-post__thumbnail__link\" href=\"https:\/\/reseaudialogue.ca\/en\/pvif-100-jeunes\/communique\" tabindex=\"-1\" ><div class=\"elementor-post__thumbnail\"><img loading=\"lazy\" decoding=\"async\" width=\"600\" height=\"437\" src=\"https:\/\/reseaudialogue.ca\/wp-content\/uploads\/MUG_0052-600x437.jpg\" class=\"attachment-medium size-medium wp-image-10841\" alt=\"\" srcset=\"https:\/\/reseaudialogue.ca\/wp-content\/uploads\/MUG_0052-600x437.jpg 600w, https:\/\/reseaudialogue.ca\/wp-content\/uploads\/MUG_0052-1200x873.jpg 1200w, https:\/\/reseaudialogue.ca\/wp-content\/uploads\/MUG_0052-768x559.jpg 768w, https:\/\/reseaudialogue.ca\/wp-content\/uploads\/MUG_0052-1536x1118.jpg 1536w, https:\/\/reseaudialogue.ca\/wp-content\/uploads\/MUG_0052-2048x1490.jpg 2048w, https:\/\/reseaudialogue.ca\/wp-content\/uploads\/MUG_0052-16x12.jpg 16w\" sizes=\"(max-width: 600px) 100vw, 600px\" \/><\/div><\/a>\n\t\t\t\t<div class=\"elementor-post__text\">\n\t\t\t\t<h3 class=\"elementor-post__title\">\n\t\t\t<a href=\"https:\/\/reseaudialogue.ca\/en\/pvif-100-jeunes\/communique\" >\n\t\t\t\t100 jeunes recevront une micro-subvention pour r\u00e9aliser des projets en fran\u00e7ais\t\t\t<\/a>\n\t\t<\/h3>\n\t\t\t\t<div class=\"elementor-post__excerpt\">\n\t\t\t<p>&nbsp; Ottawa, le\u00a030\u00a0mars 2026\u00a0\u2013\u00a0Le R\u00e9seau dialogue lance la premi\u00e8re \u00e9dition du volet micro-subventions du Programme VIF, qui permettra \u00e0\u00a0100 jeunes de 14 \u00e0 30 ans \u00e0 travers le Canada\u00a0de concr\u00e9tiser<\/p>\n\t\t<\/div>\n\t\t\n\t\t<a class=\"elementor-post__read-more\" href=\"https:\/\/reseaudialogue.ca\/en\/pvif-100-jeunes\/communique\" aria-label=\"Read more about 100 jeunes recevront une micro-subvention pour r\u00e9aliser des projets en fran\u00e7ais\" tabindex=\"-1\" >\n\t\t\tLire la suite \t\t<\/a>\n\n\t\t\t\t<\/div>\n\t\t\t\t<div class=\"elementor-post__meta-data\">\n\t\t\t\t\t<span class=\"elementor-post-date\">\n\t\t\t30 March 2026\t\t<\/span>\n\t\t\t\t<\/div>\n\t\t\t\t\t<\/div>\n\t\t<\/article>\n\t\t\t\t<article class=\"elementor-post elementor-grid-item post-10839 post type-post status-publish format-standard has-post-thumbnail hentry category-communique\" role=\"listitem\">\n\t\t\t<div class=\"elementor-post__card\">\n\t\t\t\t<a class=\"elementor-post__thumbnail__link\" href=\"https:\/\/reseaudialogue.ca\/en\/13-projets-vif\/communique\" tabindex=\"-1\" ><div class=\"elementor-post__thumbnail\"><img loading=\"lazy\" decoding=\"async\" width=\"600\" height=\"437\" src=\"https:\/\/reseaudialogue.ca\/wp-content\/uploads\/MUG_0052-600x437.jpg\" class=\"attachment-medium size-medium wp-image-10841\" alt=\"\" srcset=\"https:\/\/reseaudialogue.ca\/wp-content\/uploads\/MUG_0052-600x437.jpg 600w, https:\/\/reseaudialogue.ca\/wp-content\/uploads\/MUG_0052-1200x873.jpg 1200w, https:\/\/reseaudialogue.ca\/wp-content\/uploads\/MUG_0052-768x559.jpg 768w, https:\/\/reseaudialogue.ca\/wp-content\/uploads\/MUG_0052-1536x1118.jpg 1536w, https:\/\/reseaudialogue.ca\/wp-content\/uploads\/MUG_0052-2048x1490.jpg 2048w, https:\/\/reseaudialogue.ca\/wp-content\/uploads\/MUG_0052-16x12.jpg 16w\" sizes=\"(max-width: 600px) 100vw, 600px\" \/><\/div><\/a>\n\t\t\t\t<div class=\"elementor-post__text\">\n\t\t\t\t<h3 class=\"elementor-post__title\">\n\t\t\t<a href=\"https:\/\/reseaudialogue.ca\/en\/13-projets-vif\/communique\" >\n\t\t\t\tLe Programme VIF soutient 13 nouveaux projets jeunesse en fran\u00e7ais\t\t\t<\/a>\n\t\t<\/h3>\n\t\t\t\t<div class=\"elementor-post__excerpt\">\n\t\t\t<p>Le Programme VIF soutient 13 projets jeunesse en fran\u00e7ais Ottawa, le\u00a017\u00a0mars\u00a0\u2013 Le R\u00e9seau dialogue est heureux d\u2019annoncer les 13\u00a0organisations sans but lucratif s\u00e9lectionn\u00e9es dans le cadre du volet Subvention aux<\/p>\n\t\t<\/div>\n\t\t\n\t\t<a class=\"elementor-post__read-more\" href=\"https:\/\/reseaudialogue.ca\/en\/13-projets-vif\/communique\" aria-label=\"Read more about Le Programme VIF soutient 13 nouveaux projets jeunesse en fran\u00e7ais\" tabindex=\"-1\" >\n\t\t\tLire la suite \t\t<\/a>\n\n\t\t\t\t<\/div>\n\t\t\t\t<div class=\"elementor-post__meta-data\">\n\t\t\t\t\t<span class=\"elementor-post-date\">\n\t\t\t17 March 2026\t\t<\/span>\n\t\t\t\t<\/div>\n\t\t\t\t\t<\/div>\n\t\t<\/article>\n\t\t\t\t<article class=\"elementor-post elementor-grid-item post-10713 post type-post status-publish format-standard has-post-thumbnail hentry category-offre-demploi\" role=\"listitem\">\n\t\t\t<div class=\"elementor-post__card\">\n\t\t\t\t<a class=\"elementor-post__thumbnail__link\" href=\"https:\/\/reseaudialogue.ca\/en\/responsable-marketing-numerique\/offre-demploi\" tabindex=\"-1\" ><div class=\"elementor-post__thumbnail\"><img loading=\"lazy\" decoding=\"async\" width=\"600\" height=\"428\" src=\"https:\/\/reseaudialogue.ca\/wp-content\/uploads\/076A8628-copie-600x428.jpg\" class=\"attachment-medium size-medium wp-image-10427\" alt=\"\" srcset=\"https:\/\/reseaudialogue.ca\/wp-content\/uploads\/076A8628-copie-600x428.jpg 600w, https:\/\/reseaudialogue.ca\/wp-content\/uploads\/076A8628-copie-1200x857.jpg 1200w, https:\/\/reseaudialogue.ca\/wp-content\/uploads\/076A8628-copie-768x548.jpg 768w, https:\/\/reseaudialogue.ca\/wp-content\/uploads\/076A8628-copie-1536x1097.jpg 1536w, https:\/\/reseaudialogue.ca\/wp-content\/uploads\/076A8628-copie-2048x1462.jpg 2048w\" sizes=\"(max-width: 600px) 100vw, 600px\" \/><\/div><\/a>\n\t\t\t\t<div class=\"elementor-post__text\">\n\t\t\t\t<h3 class=\"elementor-post__title\">\n\t\t\t<a href=\"https:\/\/reseaudialogue.ca\/en\/responsable-marketing-numerique\/offre-demploi\" >\n\t\t\t\tFaites partie de l&rsquo;\u00e9quipe du R\u00e9seau dialogue en tant que Responsable du mark\u00e9ting num\u00e9rique\t\t\t<\/a>\n\t\t<\/h3>\n\t\t\t\t<div class=\"elementor-post__excerpt\">\n\t\t\t<p>\u00a0 *ce poste a \u00e9t\u00e9 combl\u00e9* Offre d\u2019emploi \u2013 Responsable du mark\u00e9ting num\u00e9rique Le R\u00e9seau dialogue a pour mission de favoriser un dialogue durable au sein de la francophonie et<\/p>\n\t\t<\/div>\n\t\t\n\t\t<a class=\"elementor-post__read-more\" href=\"https:\/\/reseaudialogue.ca\/en\/responsable-marketing-numerique\/offre-demploi\" aria-label=\"Read more about Faites partie de l&rsquo;\u00e9quipe du R\u00e9seau dialogue en tant que Responsable du mark\u00e9ting num\u00e9rique\" tabindex=\"-1\" >\n\t\t\tLire la suite \t\t<\/a>\n\n\t\t\t\t<\/div>\n\t\t\t\t<div class=\"elementor-post__meta-data\">\n\t\t\t\t\t<span class=\"elementor-post-date\">\n\t\t\t31 December 2025\t\t<\/span>\n\t\t\t\t<\/div>\n\t\t\t\t\t<\/div>\n\t\t<\/article>\n\t\t\t\t<article class=\"elementor-post elementor-grid-item post-10543 post type-post status-publish format-standard has-post-thumbnail hentry category-communique\" role=\"listitem\">\n\t\t\t<div class=\"elementor-post__card\">\n\t\t\t\t<a class=\"elementor-post__thumbnail__link\" href=\"https:\/\/reseaudialogue.ca\/en\/ca-2025\/communique\" tabindex=\"-1\" ><div class=\"elementor-post__thumbnail\"><img loading=\"lazy\" decoding=\"async\" width=\"600\" height=\"532\" src=\"https:\/\/reseaudialogue.ca\/wp-content\/uploads\/thumbnailCA2526-600x532.jpg\" class=\"attachment-medium size-medium wp-image-10553\" alt=\"\" srcset=\"https:\/\/reseaudialogue.ca\/wp-content\/uploads\/thumbnailCA2526-600x532.jpg 600w, https:\/\/reseaudialogue.ca\/wp-content\/uploads\/thumbnailCA2526-768x681.jpg 768w, https:\/\/reseaudialogue.ca\/wp-content\/uploads\/thumbnailCA2526.jpg 866w\" sizes=\"(max-width: 600px) 100vw, 600px\" \/><\/div><\/a>\n\t\t\t\t<div class=\"elementor-post__text\">\n\t\t\t\t<h3 class=\"elementor-post__title\">\n\t\t\t<a href=\"https:\/\/reseaudialogue.ca\/en\/ca-2025\/communique\" >\n\t\t\t\tLe R\u00e9seau dialogue accueille quatre nouveaux membres \u00e0 son CA\t\t\t<\/a>\n\t\t<\/h3>\n\t\t\t\t<div class=\"elementor-post__excerpt\">\n\t\t\t<p>Ottawa, le 16 octobre 2025 \u2013 suite \u00e0 la tenue de son Assembl\u00e9e g\u00e9n\u00e9rale annuelle \u00e0 Winnipeg, le 6\u202foctobre dernier\u2014la premi\u00e8re sous notre nouvelle identit\u00e9\u2014le R\u00e9seau dialogue est heureux de<\/p>\n\t\t<\/div>\n\t\t\n\t\t<a class=\"elementor-post__read-more\" href=\"https:\/\/reseaudialogue.ca\/en\/ca-2025\/communique\" aria-label=\"Read more about Le R\u00e9seau dialogue accueille quatre nouveaux membres \u00e0 son CA\" tabindex=\"-1\" >\n\t\t\tLire la suite \t\t<\/a>\n\n\t\t\t\t<\/div>\n\t\t\t\t<div class=\"elementor-post__meta-data\">\n\t\t\t\t\t<span class=\"elementor-post-date\">\n\t\t\t16 October 2025\t\t<\/span>\n\t\t\t\t<\/div>\n\t\t\t\t\t<\/div>\n\t\t<\/article>\n\t\t\t\t<\/div>\n\t\t\n\t\t\t\t\t\t<\/div>\n\t\t\t\t<\/div>\n\t\t\t\t<section class=\"elementor-section elementor-inner-section elementor-element elementor-element-196a894 elementor-section-boxed elementor-section-height-default elementor-section-height-default\" data-id=\"196a894\" data-element_type=\"section\" data-e-type=\"section\">\n\t\t\t\t\t\t<div class=\"elementor-container elementor-column-gap-default\">\n\t\t\t\t\t<div class=\"elementor-column elementor-col-50 elementor-inner-column elementor-element elementor-element-a83a52c\" data-id=\"a83a52c\" data-element_type=\"column\" data-e-type=\"column\">\n\t\t\t<div class=\"elementor-widget-wrap\">\n\t\t\t\t\t\t\t<\/div>\n\t\t<\/div>\n\t\t\t\t<div class=\"elementor-column elementor-col-50 elementor-inner-column elementor-element elementor-element-775b740\" data-id=\"775b740\" data-element_type=\"column\" data-e-type=\"column\">\n\t\t\t<div class=\"elementor-widget-wrap\">\n\t\t\t\t\t\t\t<\/div>\n\t\t<\/div>\n\t\t\t\t\t<\/div>\n\t\t<\/section>\n\t\t\t\t<div class=\"elementor-element elementor-element-9ab7d91 elementor-align-center elementor-widget elementor-widget-button\" data-id=\"9ab7d91\" data-element_type=\"widget\" data-e-type=\"widget\" data-widget_type=\"button.default\">\n\t\t\t\t<div class=\"elementor-widget-container\">\n\t\t\t\t\t\t\t\t\t<div class=\"elementor-button-wrapper\">\n\t\t\t\t\t<a class=\"elementor-button elementor-button-link elementor-size-md elementor-animation-pulse\" href=\"https:\/\/reseaudialogue.ca\/nouvelles\/\">\n\t\t\t\t\t\t<span class=\"elementor-button-content-wrapper\">\n\t\t\t\t\t\t\t\t\t<span class=\"elementor-button-text\">En voir plus<\/span>\n\t\t\t\t\t<\/span>\n\t\t\t\t\t<\/a>\n\t\t\t\t<\/div>\n\t\t\t\t\t\t\t\t<\/div>\n\t\t\t\t<\/div>\n\t\t\t\t\t<\/div>\n\t\t<\/div>\n\t\t\t\t\t<\/div>\n\t\t<\/section>\n\t\t\t\t<section class=\"elementor-section elementor-top-section elementor-element elementor-element-e039fc6 elementor-section-height-min-height elementor-section-boxed elementor-section-height-default elementor-section-items-middle\" data-id=\"e039fc6\" data-element_type=\"section\" data-e-type=\"section\" data-settings=\"{&quot;background_background&quot;:&quot;classic&quot;}\">\n\t\t\t\t\t\t<div class=\"elementor-container elementor-column-gap-default\">\n\t\t\t\t\t<div class=\"elementor-column elementor-col-100 elementor-top-column elementor-element elementor-element-894ffc8\" data-id=\"894ffc8\" data-element_type=\"column\" data-e-type=\"column\">\n\t\t\t<div class=\"elementor-widget-wrap elementor-element-populated\">\n\t\t\t\t\t\t<div class=\"elementor-element elementor-element-9c9445c elementor-widget-divider--view-line elementor-widget elementor-widget-divider\" data-id=\"9c9445c\" data-element_type=\"widget\" data-e-type=\"widget\" data-widget_type=\"divider.default\">\n\t\t\t\t<div class=\"elementor-widget-container\">\n\t\t\t\t\t\t\t<div class=\"elementor-divider\">\n\t\t\t<span class=\"elementor-divider-separator\">\n\t\t\t\t\t\t<\/span>\n\t\t<\/div>\n\t\t\t\t\t\t<\/div>\n\t\t\t\t<\/div>\n\t\t\t\t<div class=\"elementor-element elementor-element-3088199 elementor-widget elementor-widget-menu-anchor\" data-id=\"3088199\" data-element_type=\"widget\" data-e-type=\"widget\" data-widget_type=\"menu-anchor.default\">\n\t\t\t\t<div class=\"elementor-widget-container\">\n\t\t\t\t\t\t\t<div class=\"elementor-menu-anchor\" id=\"Reconnaissance\"><\/div>\n\t\t\t\t\t\t<\/div>\n\t\t\t\t<\/div>\n\t\t\t\t<div class=\"elementor-element elementor-element-1a4d0cff animated-slow elementor-invisible elementor-widget elementor-widget-heading\" data-id=\"1a4d0cff\" data-element_type=\"widget\" data-e-type=\"widget\" data-settings=\"{&quot;_animation_laptop&quot;:&quot;slideInUp&quot;,&quot;_animation&quot;:&quot;fadeInDown&quot;}\" data-widget_type=\"heading.default\">\n\t\t\t\t<div class=\"elementor-widget-container\">\n\t\t\t\t\t<h2 class=\"elementor-heading-title elementor-size-default\">Le R\u00e9seau dialogue est situ\u00e9e sur les terres non c\u00e9d\u00e9es de la Nation Algonquine Anishinaabe<\/h2>\t\t\t\t<\/div>\n\t\t\t\t<\/div>\n\t\t\t\t<div class=\"elementor-element elementor-element-4d50d0c9 elementor-widget elementor-widget-text-editor\" data-id=\"4d50d0c9\" data-element_type=\"widget\" data-e-type=\"widget\" data-settings=\"{&quot;_animation_laptop&quot;:&quot;fadeIn&quot;}\" data-widget_type=\"text-editor.default\">\n\t\t\t\t<div class=\"elementor-widget-container\">\n\t\t\t\t\t\t\t\t\t<p><span class=\"TextRun SCXW261777116 BCX4\" lang=\"FR-CA\" xml:lang=\"FR-CA\" data-contrast=\"none\"><span class=\"NormalTextRun SCXW261777116 BCX4\" data-ccp-charstyle=\"normaltextrun\" data-ccp-charstyle-defn=\"{&quot;ObjectId&quot;:&quot;07411f8a-f5d8-4d77-a044-0cb7ed7fb54e|34&quot;,&quot;ClassId&quot;:1073872969,&quot;Properties&quot;:[469775450,&quot;normaltextrun&quot;,201340122,&quot;1&quot;,134233614,&quot;true&quot;,469778129,&quot;normaltextrun&quot;,335572022,&quot;1&quot;,469778324,&quot;Default Paragraph Font&quot;]}\">Leur pr\u00e9sence sur ces terres est ant\u00e9rieure \u00e0 la n\u00f4tre et demeurera toujours forte. Ainsi, le R\u00e9seau dialogue reconna\u00eet que le dialogue des cultures doit inclure les peuples autochtones et faire preuve de respect \u00e0 travers des actions concr\u00e8tes contribuant \u00e0 la d\u00e9colonisation. Puisque que nous sommes une organisation nationale qui rejoint toutes les provinces et territoires, nous reconnaissons \u00e9galement que nos activit\u00e9s et partenariats se r\u00e9alisent sur les terres des Premi\u00e8res Nations, M\u00e9tis et Inuit. Ainsi, cette reconnaissance autant \u00e0 l\u2019\u00e9chelle nationale que locale nous engage \u00e0 travailler dans le respect pour mieux t\u00e9moigner leur apport pr\u00e9cieux, pass\u00e9 et pr\u00e9sent.\u00a0<\/span><\/span><\/p>\t\t\t\t\t\t\t\t<\/div>\n\t\t\t\t<\/div>\n\t\t\t\t<div class=\"elementor-element elementor-element-22d8a10 elementor-align-center elementor-widget elementor-widget-button\" data-id=\"22d8a10\" data-element_type=\"widget\" data-e-type=\"widget\" data-widget_type=\"button.default\">\n\t\t\t\t<div class=\"elementor-widget-container\">\n\t\t\t\t\t\t\t\t\t<div class=\"elementor-button-wrapper\">\n\t\t\t\t\t<a class=\"elementor-button elementor-button-link elementor-size-md elementor-animation-pulse\" href=\"https:\/\/reseaudialogue.ca\/mission-valeurs\/\">\n\t\t\t\t\t\t<span class=\"elementor-button-content-wrapper\">\n\t\t\t\t\t\t\t\t\t<span class=\"elementor-button-text\">D\u00e9couvrir le R\u00e9seau dialogue<\/span>\n\t\t\t\t\t<\/span>\n\t\t\t\t\t<\/a>\n\t\t\t\t<\/div>\n\t\t\t\t\t\t\t\t<\/div>\n\t\t\t\t<\/div>\n\t\t\t\t\t<\/div>\n\t\t<\/div>\n\t\t\t\t\t<\/div>\n\t\t<\/section>\n\t\t\t\t<section class=\"elementor-section elementor-top-section elementor-element elementor-element-9fa5a49 elementor-section-boxed elementor-section-height-default elementor-section-height-default\" data-id=\"9fa5a49\" data-element_type=\"section\" data-e-type=\"section\">\n\t\t\t\t\t\t<div class=\"elementor-container elementor-column-gap-default\">\n\t\t\t\t\t<div class=\"elementor-column elementor-col-100 elementor-top-column elementor-element elementor-element-9d83406\" data-id=\"9d83406\" data-element_type=\"column\" data-e-type=\"column\">\n\t\t\t<div class=\"elementor-widget-wrap\">\n\t\t\t\t\t\t\t<\/div>\n\t\t<\/div>\n\t\t\t\t\t<\/div>\n\t\t<\/section>\n\t\t\t\t<\/div>\n\t\t","protected":false},"excerpt":{"rendered":"<p>Pour un dialogue entre les diff\u00e9rentes composantes de la soci\u00e9t\u00e9 canadienne Nos projets Le R\u00e9seau dialogue organise plusieurs projets nationaux visant \u00e0 soutenir et promouvoir le dialogue et le rapprochement entre les diff\u00e9rentes composantes de la soci\u00e9t\u00e9 canadienne. Les Rendez-vous de la Francophonie\u00a0(RVF)\u00a0est un \u00e9v\u00e9nement culturel entourant la Journ\u00e9e internationale de la Francophonie. En savoir [&hellip;]<\/p>\n","protected":false},"author":1,"featured_media":2893,"parent":0,"menu_order":0,"comment_status":"closed","ping_status":"closed","template":"elementor_theme","meta":{"footnotes":""},"class_list":["post-31","page","type-page","status-publish","has-post-thumbnail","hentry"],"yoast_head":"<!-- This site is optimized with the Yoast SEO plugin v27.4 - https:\/\/yoast.com\/product\/yoast-seo-wordpress\/ -->\n<title>Accueil &#8212; R\u00e9seau dialogue<\/title>\n<meta name=\"description\" content=\"La Fondation dialogue organise plusieurs projets nationaux visant \u00e0 soutenir et promouvoir le dialogue et le rapprochement entre les composantes de la soci\u00e9t\u00e9 canadienne.\" \/>\n<meta name=\"robots\" content=\"index, follow, max-snippet:-1, max-image-preview:large, max-video-preview:-1\" \/>\n<link rel=\"canonical\" href=\"https:\/\/reseaudialogue.ca\/en\/\" \/>\n<meta property=\"og:locale\" content=\"en_US\" \/>\n<meta property=\"og:type\" content=\"article\" \/>\n<meta property=\"og:title\" content=\"Fondation dialogue Foundation\" \/>\n<meta property=\"og:description\" content=\"La Fondation dialogue organise plusieurs projets nationaux visant \u00e0 soutenir et promouvoir le dialogue et le rapprochement entre les composantes de la soci\u00e9t\u00e9 canadienne.\" \/>\n<meta property=\"og:url\" content=\"https:\/\/reseaudialogue.ca\/en\/\" \/>\n<meta property=\"og:site_name\" content=\"R\u00e9seau dialogue\" \/>\n<meta property=\"article:modified_time\" content=\"2025-10-17T14:50:36+00:00\" \/>\n<meta property=\"og:image\" content=\"http:\/\/reseaudialogue.ca\/wp-content\/uploads\/Capture-de\u0301cran-le-2022-10-06-a\u0300-14.09.36-1450x742.png\" \/>\n\t<meta property=\"og:image:width\" content=\"1450\" \/>\n\t<meta property=\"og:image:height\" content=\"742\" \/>\n\t<meta property=\"og:image:type\" content=\"image\/png\" \/>\n<meta name=\"twitter:card\" content=\"summary_large_image\" \/>\n<meta name=\"twitter:title\" content=\"Fondation dialogue Foundation\" \/>\n<meta name=\"twitter:description\" content=\"La Fondation dialogue organise plusieurs projets nationaux visant \u00e0 soutenir et promouvoir le dialogue et le rapprochement entre les composantes de la soci\u00e9t\u00e9 canadienne.\" \/>\n<meta name=\"twitter:image\" content=\"https:\/\/reseaudialogue.ca\/wp-content\/uploads\/Capture-de\u0301cran-le-2022-10-06-a\u0300-14.09.36-1450x742.png\" \/>\n<meta name=\"twitter:label1\" content=\"Est. reading time\" \/>\n\t<meta name=\"twitter:data1\" content=\"6 minutes\" \/>\n<script type=\"application\/ld+json\" class=\"yoast-schema-graph\">{\"@context\":\"https:\\\/\\\/schema.org\",\"@graph\":[{\"@type\":\"WebPage\",\"@id\":\"https:\\\/\\\/reseaudialogue.ca\\\/\",\"url\":\"https:\\\/\\\/reseaudialogue.ca\\\/\",\"name\":\"Accueil &#8212; R\u00e9seau dialogue\",\"isPartOf\":{\"@id\":\"https:\\\/\\\/reseaudialogue.ca\\\/#website\"},\"primaryImageOfPage\":{\"@id\":\"https:\\\/\\\/reseaudialogue.ca\\\/#primaryimage\"},\"image\":{\"@id\":\"https:\\\/\\\/reseaudialogue.ca\\\/#primaryimage\"},\"thumbnailUrl\":\"https:\\\/\\\/reseaudialogue.ca\\\/wp-content\\\/uploads\\\/Capture-de\u0301cran-le-2022-10-06-a\u0300-14.09.36-1450x742.png\",\"datePublished\":\"2022-09-07T18:19:32+00:00\",\"dateModified\":\"2025-10-17T14:50:36+00:00\",\"description\":\"La Fondation dialogue organise plusieurs projets nationaux visant \u00e0 soutenir et promouvoir le dialogue et le rapprochement entre les composantes de la soci\u00e9t\u00e9 canadienne.\",\"breadcrumb\":{\"@id\":\"https:\\\/\\\/reseaudialogue.ca\\\/#breadcrumb\"},\"inLanguage\":\"en-CA\",\"potentialAction\":[{\"@type\":\"ReadAction\",\"target\":[\"https:\\\/\\\/reseaudialogue.ca\\\/\"]}]},{\"@type\":\"ImageObject\",\"inLanguage\":\"en-CA\",\"@id\":\"https:\\\/\\\/reseaudialogue.ca\\\/#primaryimage\",\"url\":\"https:\\\/\\\/reseaudialogue.ca\\\/wp-content\\\/uploads\\\/Capture-de\u0301cran-le-2022-10-06-a\u0300-14.09.36-1450x742.png\",\"contentUrl\":\"https:\\\/\\\/reseaudialogue.ca\\\/wp-content\\\/uploads\\\/Capture-de\u0301cran-le-2022-10-06-a\u0300-14.09.36-1450x742.png\",\"width\":1450,\"height\":742,\"caption\":\"logo fondation dialogue Foundation - Bilingue\"},{\"@type\":\"BreadcrumbList\",\"@id\":\"https:\\\/\\\/reseaudialogue.ca\\\/#breadcrumb\",\"itemListElement\":[{\"@type\":\"ListItem\",\"position\":1,\"name\":\"Accueil\",\"item\":\"https:\\\/\\\/reseaudialogue.ca\\\/\"},{\"@type\":\"ListItem\",\"position\":2,\"name\":\"Accueil\"}]},{\"@type\":\"WebSite\",\"@id\":\"https:\\\/\\\/reseaudialogue.ca\\\/#website\",\"url\":\"https:\\\/\\\/reseaudialogue.ca\\\/\",\"name\":\"R\u00e9seau dialogue\",\"description\":\"R\u00e9seau dialogue\",\"publisher\":{\"@id\":\"https:\\\/\\\/reseaudialogue.ca\\\/#organization\"},\"potentialAction\":[{\"@type\":\"SearchAction\",\"target\":{\"@type\":\"EntryPoint\",\"urlTemplate\":\"https:\\\/\\\/reseaudialogue.ca\\\/?s={search_term_string}\"},\"query-input\":{\"@type\":\"PropertyValueSpecification\",\"valueRequired\":true,\"valueName\":\"search_term_string\"}}],\"inLanguage\":\"en-CA\"},{\"@type\":\"Organization\",\"@id\":\"https:\\\/\\\/reseaudialogue.ca\\\/#organization\",\"name\":\"R\u00e9seau dialogue\",\"url\":\"https:\\\/\\\/reseaudialogue.ca\\\/\",\"logo\":{\"@type\":\"ImageObject\",\"inLanguage\":\"en-CA\",\"@id\":\"https:\\\/\\\/reseaudialogue.ca\\\/#\\\/schema\\\/logo\\\/image\\\/\",\"url\":\"https:\\\/\\\/reseaudialogue.ca\\\/wp-content\\\/uploads\\\/1dialogue-logo-full-color-cmyk.png\",\"contentUrl\":\"https:\\\/\\\/reseaudialogue.ca\\\/wp-content\\\/uploads\\\/1dialogue-logo-full-color-cmyk.png\",\"width\":707,\"height\":249,\"caption\":\"R\u00e9seau dialogue\"},\"image\":{\"@id\":\"https:\\\/\\\/reseaudialogue.ca\\\/#\\\/schema\\\/logo\\\/image\\\/\"}}]}<\/script>\n<!-- \/ Yoast SEO plugin. -->","yoast_head_json":{"title":"Accueil &#8212; R\u00e9seau dialogue","description":"La Fondation dialogue organise plusieurs projets nationaux visant \u00e0 soutenir et promouvoir le dialogue et le rapprochement entre les composantes de la soci\u00e9t\u00e9 canadienne.","robots":{"index":"index","follow":"follow","max-snippet":"max-snippet:-1","max-image-preview":"max-image-preview:large","max-video-preview":"max-video-preview:-1"},"canonical":"https:\/\/reseaudialogue.ca\/en\/","og_locale":"en_US","og_type":"article","og_title":"Fondation dialogue Foundation","og_description":"La Fondation dialogue organise plusieurs projets nationaux visant \u00e0 soutenir et promouvoir le dialogue et le rapprochement entre les composantes de la soci\u00e9t\u00e9 canadienne.","og_url":"https:\/\/reseaudialogue.ca\/en\/","og_site_name":"R\u00e9seau dialogue","article_modified_time":"2025-10-17T14:50:36+00:00","og_image":[{"width":1450,"height":742,"url":"http:\/\/reseaudialogue.ca\/wp-content\/uploads\/Capture-de\u0301cran-le-2022-10-06-a\u0300-14.09.36-1450x742.png","type":"image\/png"}],"twitter_card":"summary_large_image","twitter_title":"Fondation dialogue Foundation","twitter_description":"La Fondation dialogue organise plusieurs projets nationaux visant \u00e0 soutenir et promouvoir le dialogue et le rapprochement entre les composantes de la soci\u00e9t\u00e9 canadienne.","twitter_image":"https:\/\/reseaudialogue.ca\/wp-content\/uploads\/Capture-de\u0301cran-le-2022-10-06-a\u0300-14.09.36-1450x742.png","twitter_misc":{"Est. reading time":"6 minutes"},"schema":{"@context":"https:\/\/schema.org","@graph":[{"@type":"WebPage","@id":"https:\/\/reseaudialogue.ca\/","url":"https:\/\/reseaudialogue.ca\/","name":"Accueil &#8212; R\u00e9seau dialogue","isPartOf":{"@id":"https:\/\/reseaudialogue.ca\/#website"},"primaryImageOfPage":{"@id":"https:\/\/reseaudialogue.ca\/#primaryimage"},"image":{"@id":"https:\/\/reseaudialogue.ca\/#primaryimage"},"thumbnailUrl":"https:\/\/reseaudialogue.ca\/wp-content\/uploads\/Capture-de\u0301cran-le-2022-10-06-a\u0300-14.09.36-1450x742.png","datePublished":"2022-09-07T18:19:32+00:00","dateModified":"2025-10-17T14:50:36+00:00","description":"La Fondation dialogue organise plusieurs projets nationaux visant \u00e0 soutenir et promouvoir le dialogue et le rapprochement entre les composantes de la soci\u00e9t\u00e9 canadienne.","breadcrumb":{"@id":"https:\/\/reseaudialogue.ca\/#breadcrumb"},"inLanguage":"en-CA","potentialAction":[{"@type":"ReadAction","target":["https:\/\/reseaudialogue.ca\/"]}]},{"@type":"ImageObject","inLanguage":"en-CA","@id":"https:\/\/reseaudialogue.ca\/#primaryimage","url":"https:\/\/reseaudialogue.ca\/wp-content\/uploads\/Capture-de\u0301cran-le-2022-10-06-a\u0300-14.09.36-1450x742.png","contentUrl":"https:\/\/reseaudialogue.ca\/wp-content\/uploads\/Capture-de\u0301cran-le-2022-10-06-a\u0300-14.09.36-1450x742.png","width":1450,"height":742,"caption":"logo fondation dialogue Foundation - Bilingue"},{"@type":"BreadcrumbList","@id":"https:\/\/reseaudialogue.ca\/#breadcrumb","itemListElement":[{"@type":"ListItem","position":1,"name":"Accueil","item":"https:\/\/reseaudialogue.ca\/"},{"@type":"ListItem","position":2,"name":"Accueil"}]},{"@type":"WebSite","@id":"https:\/\/reseaudialogue.ca\/#website","url":"https:\/\/reseaudialogue.ca\/","name":"Dialogue Network","description":"Dialogue Network","publisher":{"@id":"https:\/\/reseaudialogue.ca\/#organization"},"potentialAction":[{"@type":"SearchAction","target":{"@type":"EntryPoint","urlTemplate":"https:\/\/reseaudialogue.ca\/?s={search_term_string}"},"query-input":{"@type":"PropertyValueSpecification","valueRequired":true,"valueName":"search_term_string"}}],"inLanguage":"en-CA"},{"@type":"Organization","@id":"https:\/\/reseaudialogue.ca\/#organization","name":"Dialogue Network","url":"https:\/\/reseaudialogue.ca\/","logo":{"@type":"ImageObject","inLanguage":"en-CA","@id":"https:\/\/reseaudialogue.ca\/#\/schema\/logo\/image\/","url":"https:\/\/reseaudialogue.ca\/wp-content\/uploads\/1dialogue-logo-full-color-cmyk.png","contentUrl":"https:\/\/reseaudialogue.ca\/wp-content\/uploads\/1dialogue-logo-full-color-cmyk.png","width":707,"height":249,"caption":"R\u00e9seau dialogue"},"image":{"@id":"https:\/\/reseaudialogue.ca\/#\/schema\/logo\/image\/"}}]}},"_links":{"self":[{"href":"https:\/\/reseaudialogue.ca\/en\/wp-json\/wp\/v2\/pages\/31","targetHints":{"allow":["GET"]}}],"collection":[{"href":"https:\/\/reseaudialogue.ca\/en\/wp-json\/wp\/v2\/pages"}],"about":[{"href":"https:\/\/reseaudialogue.ca\/en\/wp-json\/wp\/v2\/types\/page"}],"author":[{"embeddable":true,"href":"https:\/\/reseaudialogue.ca\/en\/wp-json\/wp\/v2\/users\/1"}],"replies":[{"embeddable":true,"href":"https:\/\/reseaudialogue.ca\/en\/wp-json\/wp\/v2\/comments?post=31"}],"version-history":[{"count":10,"href":"https:\/\/reseaudialogue.ca\/en\/wp-json\/wp\/v2\/pages\/31\/revisions"}],"predecessor-version":[{"id":10564,"href":"https:\/\/reseaudialogue.ca\/en\/wp-json\/wp\/v2\/pages\/31\/revisions\/10564"}],"wp:featuredmedia":[{"embeddable":true,"href":"https:\/\/reseaudialogue.ca\/en\/wp-json\/wp\/v2\/media\/2893"}],"wp:attachment":[{"href":"https:\/\/reseaudialogue.ca\/en\/wp-json\/wp\/v2\/media?parent=31"}],"curies":[{"name":"wp","href":"https:\/\/api.w.org\/{rel}","templated":true}]}}